{"id":1065,"date":"2015-01-01T18:00:48","date_gmt":"2015-01-01T17:00:48","guid":{"rendered":"http:\/\/marieetpaula.com\/?page_id=1065"},"modified":"2023-08-28T21:07:14","modified_gmt":"2023-08-28T20:07:14","slug":"appartement-rue-diderot-montreuil","status":"publish","type":"page","link":"https:\/\/www.marieetpaula.com\/index.php\/conseil\/appartement-rue-diderot-montreuil\/","title":{"rendered":"Appartement rue Diderot Montreuil"},"content":{"rendered":"<h3 class=\"widget-title\">Appartement rue Diderot Montreuil<\/h3>\n<p>Appartement Montreuil \/\/ Ma\u00eetrise d\u2019ouvrage\u00a0: Priv\u00e9e\u00a0 \/\/ Calendrier\u00a0:\u00a0livr\u00e9 en 2022 \/\/ <strong>Programme\u00a0: Redistribution et r\u00e9novation compl\u00e8te de l&rsquo;appartement avec cr\u00e9ation de meubles sur mesure<br \/>\n<\/strong><\/p>\n<p><!-- meta slider --><\/p>\n<ul class=\"slides\">\n<li style=\"display: block; width: 100%;\" class=\"slide-1045 ms-image\"><img decoding=\"async\" loading=\"lazy\" src=\"http:\/\/marieetpaula.com\/wp-content\/uploads\/2023\/08\/Marie-et-Paula-architectes-Renovation-appartement-Montreuil-rue-Diderot-1-entre\u0301e.jpg\" alt=\"Renovation appartement entr\u00e9e avec rangement sur mesures\" class=\"slider-1061 slide-1045\" style=\"margin: 0 auto; width: 90.669634576145%\" width=\"1200\" height=\"800\"><\/li>\n<li style=\"display: none; width: 100%;\" class=\"slide-1046 ms-image\"><img decoding=\"async\" loading=\"lazy\" src=\"http:\/\/marieetpaula.com\/wp-content\/uploads\/2023\/08\/Marie-et-Paula-architectes-Renovation-appartement-Montreuil-rue-Diderot-2-cuisine.jpg\" alt=\"Renovation appartement cuisine\" class=\"slider-1061 slide-1046\" style=\"margin: 0 auto; width: 90.502793296089%\" width=\"1200\" height=\"800\"><\/li>\n<li style=\"display: none; width: 100%;\" class=\"slide-1047 ms-image\"><img decoding=\"async\" loading=\"lazy\" src=\"http:\/\/marieetpaula.com\/wp-content\/uploads\/2023\/08\/Marie-et-Paula-architectes-Renovation-appartement-Montreuil-rue-Diderot-3-cuisine.jpg\" alt=\"Renovation appartement cuisine\" class=\"slider-1061 slide-1047\" style=\"margin: 0 auto; width: 100%\" width=\"1200\" height=\"800\"><\/li>\n<li style=\"display: none; width: 100%;\" class=\"slide-1048 ms-image\"><img decoding=\"async\" loading=\"lazy\" src=\"http:\/\/marieetpaula.com\/wp-content\/uploads\/2023\/08\/Marie-et-Paula-architectes-Renovation-appartement-Montreuil-rue-Diderot-4-cuisine.jpg\" alt=\"Renovation appartement cuisine\" class=\"slider-1061 slide-1048\" style=\"margin: 0 auto; width: 88.839063278525%\" width=\"1200\" height=\"800\"><\/li>\n<li style=\"display: none; width: 100%;\" class=\"slide-1049 ms-image\"><img decoding=\"async\" loading=\"lazy\" src=\"http:\/\/marieetpaula.com\/wp-content\/uploads\/2023\/08\/Marie-et-Paula-architectes-Renovation-appartement-Montreuil-rue-Diderot-5-bis-salon-existant.jpg\" alt=\"\" class=\"slider-1061 slide-1049\" style=\"margin: 0 auto; width: 88.888888888889%\" width=\"1200\" height=\"800\"><\/li>\n<li style=\"display: none; width: 100%;\" class=\"slide-1050 ms-image\"><img decoding=\"async\" loading=\"lazy\" src=\"http:\/\/marieetpaula.com\/wp-content\/uploads\/2023\/08\/Marie-et-Paula-architectes-Renovation-appartement-Montreuil-rue-Diderot-5-de\u0301tail-salon.jpg\" alt=\"Renovation appartement d\u00e9tail \u00e9tag\u00e8re et salon\" class=\"slider-1061 slide-1050\" style=\"margin: 0 auto; width: 90.611637850902%\" width=\"1200\" height=\"800\"><\/li>\n<li style=\"display: none; width: 100%;\" class=\"slide-1051 ms-image\"><img decoding=\"async\" loading=\"lazy\" src=\"http:\/\/marieetpaula.com\/wp-content\/uploads\/2023\/08\/Marie-et-Paula-architectes-Renovation-appartement-Montreuil-rue-Diderot-6-escalier.jpg\" alt=\"Renovation appartement escalier et d\u00e9tail menuiserie sur mesure\" class=\"slider-1061 slide-1051\" style=\"margin: 0 auto; width: 90.2986458913%\" width=\"1200\" height=\"800\"><\/li>\n<li style=\"display: none; width: 100%;\" class=\"slide-1052 ms-image\"><img decoding=\"async\" loading=\"lazy\" src=\"http:\/\/marieetpaula.com\/wp-content\/uploads\/2023\/08\/Marie-et-Paula-architectes-Renovation-appartement-Montreuil-rue-Diderot-7-palier-e\u0301tage.jpg\" alt=\"Renovation appartement coin d\u00e9tente bureau\" class=\"slider-1061 slide-1052\" style=\"margin: 0 auto; width: 100%\" width=\"1200\" height=\"800\"><\/li>\n<li style=\"display: none; width: 100%;\" class=\"slide-1053 ms-image\"><img decoding=\"async\" loading=\"lazy\" src=\"http:\/\/marieetpaula.com\/wp-content\/uploads\/2023\/08\/Marie-et-Paula-architectes-Renovation-appartement-Montreuil-rue-Diderot-8-palier-e\u0301tage.jpg\" alt=\"Renovation appartement coin d\u00e9tente\" class=\"slider-1061 slide-1053\" style=\"margin: 0 auto; width: 100%\" width=\"1200\" height=\"800\"><\/li>\n<li style=\"display: none; width: 100%;\" class=\"slide-1054 ms-image\"><img decoding=\"async\" loading=\"lazy\" src=\"http:\/\/marieetpaula.com\/wp-content\/uploads\/2023\/08\/Marie-et-Paula-architectes-Renovation-appartement-Montreuil-rue-Diderot-9-salle-de-bain.jpg\" alt=\"Renovation appartement salle de bain et d\u00e9tail carrelage\" class=\"slider-1061 slide-1054\" style=\"margin: 0 auto; width: 90.202639895891%\" width=\"1200\" height=\"800\"><\/li>\n<li style=\"display: none; width: 100%;\" class=\"slide-1055 ms-image\"><img decoding=\"async\" loading=\"lazy\" src=\"http:\/\/marieetpaula.com\/wp-content\/uploads\/2023\/08\/Marie-et-Paula-architectes-Renovation-appartement-Montreuil-rue-Diderot-10-chambre-e\u0301tage.jpg\" alt=\"Renovation appartement chambre adolescent\" class=\"slider-1061 slide-1055\" style=\"margin: 0 auto; width: 100%\" width=\"1200\" height=\"800\"><\/li>\n<li style=\"display: none; width: 100%;\" class=\"slide-1056 ms-image\"><img decoding=\"async\" loading=\"lazy\" src=\"http:\/\/marieetpaula.com\/wp-content\/uploads\/2023\/08\/Marie-et-Paula-architectes-Renovation-appartement-Montreuil-rue-Diderot-11-salle-de-bain.jpg\" alt=\"Renovation appartement salle et bain et d\u00e9tail carrelage\" class=\"slider-1061 slide-1056\" style=\"margin: 0 auto; width: 90.109077463487%\" width=\"1200\" height=\"800\"><\/li>\n<\/ul>\n<p><script type=\"text\/javascript\">\nvar metaslider_1061 = function($) {\n$('#metaslider_1061').addClass('flexslider'); \/\/ theme\/plugin conflict avoidance\n$('#metaslider_1061').flexslider({ \nslideshowSpeed:3000,\nanimation:\"fade\",\ncontrolNav:false,\ndirectionNav:true,\npauseOnHover:true,\ndirection:\"horizontal\",\nreverse:false,\nanimationSpeed:600,\nprevText:\"<\",\nnextText:\">\",\nslideshow:true\n});\n};\nvar timer_metaslider_1061 = function() {\nvar slider = !window.jQuery ? window.setTimeout(timer_metaslider_1061, 100) : !jQuery.isReady ? window.setTimeout(timer_metaslider_1061, 1) : metaslider_1061(window.jQuery);\n};\ntimer_metaslider_1061();\n<\/script><br \/>\n<!--\/\/ meta slider--><\/p>\n","protected":false},"excerpt":{"rendered":"<p>Appartement rue Diderot Montreuil Appartement Montreuil \/\/ Ma\u00eetrise d\u2019ouvrage\u00a0: Priv\u00e9e\u00a0 \/\/ Calendrier\u00a0:\u00a0livr\u00e9 en 2022 \/\/ Programme\u00a0: Redistribution et r\u00e9novation compl\u00e8te de l&rsquo;appartement avec cr\u00e9ation de meubles sur mesure<\/p>\n","protected":false},"author":1,"featured_media":1101,"parent":16,"menu_order":0,"comment_status":"closed","ping_status":"closed","template":"template-fullwidth.php","meta":[],"_links":{"self":[{"href":"https:\/\/www.marieetpaula.com\/index.php\/wp-json\/wp\/v2\/pages\/1065"}],"collection":[{"href":"https:\/\/www.marieetpaula.com\/index.php\/wp-json\/wp\/v2\/pages"}],"about":[{"href":"https:\/\/www.marieetpaula.com\/index.php\/wp-json\/wp\/v2\/types\/page"}],"author":[{"embeddable":true,"href":"https:\/\/www.marieetpaula.com\/index.php\/wp-json\/wp\/v2\/users\/1"}],"replies":[{"embeddable":true,"href":"https:\/\/www.marieetpaula.com\/index.php\/wp-json\/wp\/v2\/comments?post=1065"}],"version-history":[{"count":4,"href":"https:\/\/www.marieetpaula.com\/index.php\/wp-json\/wp\/v2\/pages\/1065\/revisions"}],"predecessor-version":[{"id":1124,"href":"https:\/\/www.marieetpaula.com\/index.php\/wp-json\/wp\/v2\/pages\/1065\/revisions\/1124"}],"up":[{"embeddable":true,"href":"https:\/\/www.marieetpaula.com\/index.php\/wp-json\/wp\/v2\/pages\/16"}],"wp:featuredmedia":[{"embeddable":true,"href":"https:\/\/www.marieetpaula.com\/index.php\/wp-json\/wp\/v2\/media\/1101"}],"wp:attachment":[{"href":"https:\/\/www.marieetpaula.com\/index.php\/wp-json\/wp\/v2\/media?parent=1065"}],"curies":[{"name":"wp","href":"https:\/\/api.w.org\/{rel}","templated":true}]}}