{"id":1070,"date":"2015-01-02T17:30:44","date_gmt":"2015-01-02T16:30:44","guid":{"rendered":"http:\/\/marieetpaula.com\/?page_id=1070"},"modified":"2024-08-20T05:01:56","modified_gmt":"2024-08-20T04:01:56","slug":"maison-perreux-marne","status":"publish","type":"page","link":"https:\/\/www.marieetpaula.com\/index.php\/etude-chantier\/maison-perreux-marne\/","title":{"rendered":"Maison le Perreux-sur-Marne"},"content":{"rendered":"<h3 class=\"widget-title\">Maison le Parc Le Perreux-sur-Marne<\/h3>\n<p>Maison Le Perreux-sur-Marne \/\/ Ma\u00eetrise d\u2019ouvrage\u00a0: Priv\u00e9e\u00a0 \/\/ Calendrier\u00a0:\u00a0livr\u00e9 en 2022 \/\/ <strong>Programme\u00a0: Redistribution et r\u00e9novation ponctuelle d&rsquo;une maison avec am\u00e9nagement des combles<br \/>\n<\/strong><\/p>\n<p><!-- meta slider --><\/p>\n<ul class=\"slides\">\n<li style=\"display: block; width: 100%;\" class=\"slide-1036 ms-image\"><img decoding=\"async\" loading=\"lazy\" src=\"http:\/\/marieetpaula.com\/wp-content\/uploads\/2023\/08\/Marie-et-Paula-architectes-Renovation-maison-Le-Perreux-sur-Marne-Le-Parc-1-palier-.jpg\" alt=\"R\u00e9m\u00e9nagement maison Palier et escalier sur mesure\" class=\"slider-1060 slide-1036\" style=\"margin-top: 0.37280701754386%\" width=\"1200\" height=\"800\"><\/li>\n<li style=\"display: none; width: 100%;\" class=\"slide-1037 ms-image\"><img decoding=\"async\" loading=\"lazy\" src=\"http:\/\/marieetpaula.com\/wp-content\/uploads\/2023\/08\/Marie-et-Paula-architectes-Renovation-maison-Le-Perreux-sur-Marne-Le-Parc-2-escalier.jpg\" alt=\"R\u00e9m\u00e9nagement maison Palier et escalier sur mesure\" class=\"slider-1060 slide-1037\" style=\"margin: 0 auto; width: 95.866666666667%\" width=\"1200\" height=\"800\"><\/li>\n<li style=\"display: none; width: 100%;\" class=\"slide-1038 ms-image\"><img decoding=\"async\" loading=\"lazy\" src=\"http:\/\/marieetpaula.com\/wp-content\/uploads\/2023\/08\/Marie-et-Paula-architectes-Renovation-maison-Le-Perreux-sur-Marne-Le-Parc-3-palier-combles.jpg\" alt=\"R\u00e9m\u00e9nagement maison escalier et coin d\u00e9tente palier\" class=\"slider-1060 slide-1038\" style=\"margin-top: 0.54752518615856%\" width=\"1200\" height=\"800\"><\/li>\n<li style=\"display: none; width: 100%;\" class=\"slide-1039 ms-image\"><img decoding=\"async\" loading=\"lazy\" src=\"http:\/\/marieetpaula.com\/wp-content\/uploads\/2023\/08\/Marie-et-Paula-architectes-Renovation-maison-Le-Perreux-sur-Marne-Le-Parc-4.1-palier-combles.jpg\" alt=\"R\u00e9m\u00e9nagement maison d\u00e9tail garde-corps et coin d\u00e9tente palier\" class=\"slider-1060 slide-1039\" style=\"margin: 0 auto; width: 96.331096196868%\" width=\"1200\" height=\"800\"><\/li>\n<li style=\"display: none; width: 100%;\" class=\"slide-1040 ms-image\"><img decoding=\"async\" loading=\"lazy\" src=\"http:\/\/marieetpaula.com\/wp-content\/uploads\/2023\/08\/Marie-et-Paula-architectes-Renovation-maison-Le-Perreux-sur-Marne-Le-Parc-5-chambre-combles.jpg\" alt=\"R\u00e9m\u00e9nagement maison chambre combles\" class=\"slider-1060 slide-1040\" style=\"margin: 0 auto; width: 88.888888888889%\" width=\"1200\" height=\"800\"><\/li>\n<li style=\"display: none; width: 100%;\" class=\"slide-1041 ms-image\"><img decoding=\"async\" loading=\"lazy\" src=\"http:\/\/marieetpaula.com\/wp-content\/uploads\/2023\/08\/Marie-et-Paula-architectes-Renovation-maison-Le-Perreux-sur-Marne-Le-Parc-6-chambre-combles-2.jpg\" alt=\"R\u00e9m\u00e9nagement maison chambre combles\" class=\"slider-1060 slide-1041\" style=\"margin: 0 auto; width: 88.888888888889%\" width=\"1200\" height=\"800\"><\/li>\n<li style=\"display: none; width: 100%;\" class=\"slide-1042 ms-image\"><img decoding=\"async\" loading=\"lazy\" src=\"http:\/\/marieetpaula.com\/wp-content\/uploads\/2023\/08\/Marie-et-Paula-architectes-Renovation-maison-Le-Perreux-sur-Marne-Le-Parc-7-chambre-combles.jpg\" alt=\"R\u00e9m\u00e9nagement maison chambre combles\" class=\"slider-1060 slide-1042\" style=\"margin: 0 auto; width: 91.010984084286%\" width=\"1200\" height=\"800\"><\/li>\n<li style=\"display: none; width: 100%;\" class=\"slide-1043 ms-image\"><img decoding=\"async\" loading=\"lazy\" src=\"http:\/\/marieetpaula.com\/wp-content\/uploads\/2023\/08\/Marie-et-Paula-architectes-Renovation-maison-Le-Perreux-sur-Marne-Le-Parc-8-salle-de-bain-combles.jpg\" alt=\"R\u00e9m\u00e9nagement maison salle de bain combles\" class=\"slider-1060 slide-1043\" style=\"margin: 0 auto; width: 96.147403685092%\" width=\"1200\" height=\"800\"><\/li>\n<li style=\"display: none; width: 100%;\" class=\"slide-1044 ms-image\"><img decoding=\"async\" loading=\"lazy\" src=\"http:\/\/marieetpaula.com\/wp-content\/uploads\/2023\/08\/Marie-et-Paula-architectes-Renovation-maison-Le-Perreux-sur-Marne-Le-Parc-9-salle-de-bain.jpg\" alt=\"R\u00e9m\u00e9nagement maison salle de bain parentale\" class=\"slider-1060 slide-1044\" style=\"margin-top: 0.54896794027229%\" width=\"1200\" height=\"800\"><\/li>\n<\/ul>\n<p><script type=\"text\/javascript\">\nvar metaslider_1060 = function($) {\n$('#metaslider_1060').addClass('flexslider'); \/\/ theme\/plugin conflict avoidance\n$('#metaslider_1060').flexslider({ \nslideshowSpeed:3000,\nanimation:\"fade\",\ncontrolNav:false,\ndirectionNav:true,\npauseOnHover:true,\ndirection:\"horizontal\",\nreverse:false,\nanimationSpeed:600,\nprevText:\"<\",\nnextText:\">\",\nslideshow:true\n});\n};\nvar timer_metaslider_1060 = function() {\nvar slider = !window.jQuery ? window.setTimeout(timer_metaslider_1060, 100) : !jQuery.isReady ? window.setTimeout(timer_metaslider_1060, 1) : metaslider_1060(window.jQuery);\n};\ntimer_metaslider_1060();\n<\/script><br \/>\n<!--\/\/ meta slider--><\/p>\n","protected":false},"excerpt":{"rendered":"<p>Maison le Parc Le Perreux-sur-Marne Maison Le Perreux-sur-Marne \/\/ Ma\u00eetrise d\u2019ouvrage\u00a0: Priv\u00e9e\u00a0 \/\/ Calendrier\u00a0:\u00a0livr\u00e9 en 2022 \/\/ Programme\u00a0: Redistribution et r\u00e9novation ponctuelle d&rsquo;une maison avec am\u00e9nagement des combles<\/p>\n","protected":false},"author":1,"featured_media":1107,"parent":18,"menu_order":0,"comment_status":"closed","ping_status":"closed","template":"template-fullwidth.php","meta":[],"_links":{"self":[{"href":"https:\/\/www.marieetpaula.com\/index.php\/wp-json\/wp\/v2\/pages\/1070"}],"collection":[{"href":"https:\/\/www.marieetpaula.com\/index.php\/wp-json\/wp\/v2\/pages"}],"about":[{"href":"https:\/\/www.marieetpaula.com\/index.php\/wp-json\/wp\/v2\/types\/page"}],"author":[{"embeddable":true,"href":"https:\/\/www.marieetpaula.com\/index.php\/wp-json\/wp\/v2\/users\/1"}],"replies":[{"embeddable":true,"href":"https:\/\/www.marieetpaula.com\/index.php\/wp-json\/wp\/v2\/comments?post=1070"}],"version-history":[{"count":2,"href":"https:\/\/www.marieetpaula.com\/index.php\/wp-json\/wp\/v2\/pages\/1070\/revisions"}],"predecessor-version":[{"id":1078,"href":"https:\/\/www.marieetpaula.com\/index.php\/wp-json\/wp\/v2\/pages\/1070\/revisions\/1078"}],"up":[{"embeddable":true,"href":"https:\/\/www.marieetpaula.com\/index.php\/wp-json\/wp\/v2\/pages\/18"}],"wp:featuredmedia":[{"embeddable":true,"href":"https:\/\/www.marieetpaula.com\/index.php\/wp-json\/wp\/v2\/media\/1107"}],"wp:attachment":[{"href":"https:\/\/www.marieetpaula.com\/index.php\/wp-json\/wp\/v2\/media?parent=1070"}],"curies":[{"name":"wp","href":"https:\/\/api.w.org\/{rel}","templated":true}]}}