{"id":981,"date":"2015-01-01T12:00:35","date_gmt":"2015-01-01T11:00:35","guid":{"rendered":"http:\/\/marieetpaula.com\/?page_id=981"},"modified":"2024-08-19T12:59:41","modified_gmt":"2024-08-19T11:59:41","slug":"appartement-av-raymond-poincare-paris-16","status":"publish","type":"page","link":"https:\/\/www.marieetpaula.com\/index.php\/conseil\/appartement-av-raymond-poincare-paris-16\/","title":{"rendered":"Appartement av Raymond Poincar\u00e9 \/ Paris 16"},"content":{"rendered":"<h3 class=\"widget-title\">Appartement av Raymond Poincar\u00e9 &#8211; Paris 16<\/h3>\n<p>Ma\u00eetrise d\u2019ouvrage\u00a0: Priv\u00e9e\u00a0 \/\/ Calendrier\u00a0:\u00a0livr\u00e9 en 2023 \/\/ <strong>Programme\u00a0: R\u00e9am\u00e9nagement ponctuel <\/strong><strong>d&rsquo;un appartement<br \/>\n<\/strong><\/p>\n<p><!-- meta slider --><\/p>\n<ul class=\"slides\">\n<li style=\"display: block; width: 100%;\" class=\"slide-986 ms-image\"><img decoding=\"async\" loading=\"lazy\" src=\"http:\/\/marieetpaula.com\/wp-content\/uploads\/2023\/08\/Poincare-1.jpg\" alt=\"Marie et Paula architectes renovation appartement av Poincar\u00e9 cuisine\" class=\"slider-1057 slide-986\" style=\"margin: 0 auto; width: 96.120527306968%\" width=\"1200\" height=\"800\">Marie et Paula architectes &#8211; R\u00e9novation appartement avenue Raymond Poincar\u00e9 &#8211; Paris 16 &#8211; couloir et cuisine<\/li>\n<li style=\"display: none; width: 100%;\" class=\"slide-987 ms-image\"><img decoding=\"async\" loading=\"lazy\" src=\"http:\/\/marieetpaula.com\/wp-content\/uploads\/2023\/08\/Marie-et-Paula-architectes-Renovation-appartement-av-Poincare-Paris-16-2.jpg\" alt=\"Marie et Paula architectes R\u00e9novation appartement Paris 16 cuisine\" class=\"slider-1057 slide-987\" style=\"margin: 0 auto; width: 88.888888888889%\" width=\"1200\" height=\"800\">Marie et Paula architectes &#8211; R\u00e9novation appartement avenue Raymond Poincar\u00e9 &#8211; Paris 16 &#8211; couloir et cuisine<\/li>\n<li style=\"display: none; width: 100%;\" class=\"slide-988 ms-image\"><img decoding=\"async\" loading=\"lazy\" src=\"http:\/\/marieetpaula.com\/wp-content\/uploads\/2023\/08\/Marie-et-Paula-architectes-Renovation-appartement-av-Poincare-Paris-16-3.jpg\" alt=\"Marie et Paula architectes R\u00e9novation appartement Paris 16 cuisine\" class=\"slider-1057 slide-988\" style=\"margin-top: 5.193394176445%\" width=\"1200\" height=\"800\">Marie et Paula architectes &#8211; R\u00e9novation appartement avenue Raymond Poincar\u00e9 &#8211; Paris 16 &#8211; couloir et cuisine<\/li>\n<li style=\"display: none; width: 100%;\" class=\"slide-989 ms-image\"><img decoding=\"async\" loading=\"lazy\" src=\"http:\/\/marieetpaula.com\/wp-content\/uploads\/2023\/08\/Marie-et-Paula-architectes-Renovation-appartement-av-Poincare-Paris-16-4.1.jpg\" alt=\"Marie et Paula architectes R\u00e9novation appartement Paris 16 cuisine\" class=\"slider-1057 slide-989\" style=\"margin: 0 auto; width: 90.1%\" width=\"1200\" height=\"800\">Marie et Paula architectes &#8211; R\u00e9novation appartement avenue Raymond Poincar\u00e9 &#8211; Paris 16 &#8211; couloir et cuisine<\/li>\n<li style=\"display: none; width: 100%;\" class=\"slide-990 ms-image\"><img decoding=\"async\" loading=\"lazy\" src=\"http:\/\/marieetpaula.com\/wp-content\/uploads\/2023\/08\/Marie-et-Paula-architectes-Renovation-appartement-av-Poincare-Paris-16-4.2-exist-.jpg\" alt=\"Marie et Paula architectes R\u00e9novation appartement Paris 16 cuisine existante\" class=\"slider-1057 slide-990\" style=\"margin-top: 0.33003300330033%\" width=\"1200\" height=\"800\">Marie et Paula architectes &#8211; R\u00e9novation appartement avenue Raymond Poincar\u00e9 &#8211; Paris 16  cuisine existante<\/li>\n<li style=\"display: none; width: 100%;\" class=\"slide-991 ms-image\"><img decoding=\"async\" loading=\"lazy\" src=\"http:\/\/marieetpaula.com\/wp-content\/uploads\/2023\/08\/Marie-et-Paula-architectes-Renovation-appartement-av-Poincare-Paris-16-5.jpg\" alt=\"Marie et Paula architectes R\u00e9novation appartement Paris 16 bureau\" class=\"slider-1057 slide-991\" style=\"margin: 0 auto; width: 88.888888888889%\" width=\"1200\" height=\"800\">Marie et Paula architectes &#8211; R\u00e9novation appartement avenue Raymond Poincar\u00e9 &#8211; Paris 16 &#8211; bureau<\/li>\n<li style=\"display: none; width: 100%;\" class=\"slide-992 ms-image\"><img decoding=\"async\" loading=\"lazy\" src=\"http:\/\/marieetpaula.com\/wp-content\/uploads\/2023\/08\/Marie-et-Paula-architectes-Renovation-appartement-av-Poincare-Paris-16-6.jpg\" alt=\"Marie et Paula architectes R\u00e9novation appartement Paris 16 salle de bain\" class=\"slider-1057 slide-992\" style=\"margin: 0 auto; width: 89.8%\" width=\"1200\" height=\"800\">Marie et Paula architectes &#8211; R\u00e9novation appartement avenue Raymond Poincar\u00e9 &#8211; Paris 16 &#8211; salle de bain<\/li>\n<li style=\"display: none; width: 100%;\" class=\"slide-993 ms-image\"><img decoding=\"async\" loading=\"lazy\" src=\"http:\/\/marieetpaula.com\/wp-content\/uploads\/2023\/08\/Marie-et-Paula-architectes-Renovation-appartement-av-Poincare-Paris-16-7.jpg\" alt=\"Marie et Paula architectes R\u00e9novation appartement Paris 16 chambre et salle de bain\" class=\"slider-1057 slide-993\" style=\"margin: 0 auto; width: 89.9%\" width=\"1200\" height=\"800\">Marie et Paula architectes &#8211; R\u00e9novation appartement avenue Raymond Poincar\u00e9 &#8211; Paris 16 &#8211; chambre et salle de bain<\/li>\n<\/ul>\n<p><script type=\"text\/javascript\">\nvar metaslider_1057 = function($) {\n$('#metaslider_1057').addClass('flexslider'); \/\/ theme\/plugin conflict avoidance\n$('#metaslider_1057').flexslider({ \nslideshowSpeed:3000,\nanimation:\"fade\",\ncontrolNav:false,\ndirectionNav:true,\npauseOnHover:true,\ndirection:\"horizontal\",\nreverse:false,\nanimationSpeed:600,\nprevText:\"<\",\nnextText:\">\",\nslideshow:true\n});\n};\nvar timer_metaslider_1057 = function() {\nvar slider = !window.jQuery ? window.setTimeout(timer_metaslider_1057, 100) : !jQuery.isReady ? window.setTimeout(timer_metaslider_1057, 1) : metaslider_1057(window.jQuery);\n};\ntimer_metaslider_1057();\n<\/script><br \/>\n<!--\/\/ meta slider--><\/p>\n","protected":false},"excerpt":{"rendered":"<p>Appartement av Raymond Poincar\u00e9 &#8211; Paris 16 Ma\u00eetrise d\u2019ouvrage\u00a0: Priv\u00e9e\u00a0 \/\/ Calendrier\u00a0:\u00a0livr\u00e9 en 2023 \/\/ Programme\u00a0: R\u00e9am\u00e9nagement ponctuel d&rsquo;un appartement Marie et Paula architectes &#8211; R\u00e9novation appartement avenue Raymond Poincar\u00e9 &#8211; Paris 16 &#8211; couloir et cuisine Marie et Paula architectes &#8211; R\u00e9novation appartement avenue Raymond Poincar\u00e9 &#8211; Paris 16 &#8211; couloir et cuisine Marie et Paula architectes &#8211; R\u00e9novation appartement avenue Raymond Poincar\u00e9 &#8211; Paris 16 &#8211; couloir et&#8230;<\/p>\n","protected":false},"author":1,"featured_media":1089,"parent":16,"menu_order":0,"comment_status":"closed","ping_status":"closed","template":"template-fullwidth.php","meta":[],"_links":{"self":[{"href":"https:\/\/www.marieetpaula.com\/index.php\/wp-json\/wp\/v2\/pages\/981"}],"collection":[{"href":"https:\/\/www.marieetpaula.com\/index.php\/wp-json\/wp\/v2\/pages"}],"about":[{"href":"https:\/\/www.marieetpaula.com\/index.php\/wp-json\/wp\/v2\/types\/page"}],"author":[{"embeddable":true,"href":"https:\/\/www.marieetpaula.com\/index.php\/wp-json\/wp\/v2\/users\/1"}],"replies":[{"embeddable":true,"href":"https:\/\/www.marieetpaula.com\/index.php\/wp-json\/wp\/v2\/comments?post=981"}],"version-history":[{"count":6,"href":"https:\/\/www.marieetpaula.com\/index.php\/wp-json\/wp\/v2\/pages\/981\/revisions"}],"predecessor-version":[{"id":1232,"href":"https:\/\/www.marieetpaula.com\/index.php\/wp-json\/wp\/v2\/pages\/981\/revisions\/1232"}],"up":[{"embeddable":true,"href":"https:\/\/www.marieetpaula.com\/index.php\/wp-json\/wp\/v2\/pages\/16"}],"wp:featuredmedia":[{"embeddable":true,"href":"https:\/\/www.marieetpaula.com\/index.php\/wp-json\/wp\/v2\/media\/1089"}],"wp:attachment":[{"href":"https:\/\/www.marieetpaula.com\/index.php\/wp-json\/wp\/v2\/media?parent=981"}],"curies":[{"name":"wp","href":"https:\/\/api.w.org\/{rel}","templated":true}]}}